{"id":33,"date":"2016-11-24T10:46:35","date_gmt":"2016-11-24T10:46:35","guid":{"rendered":"http:\/\/www.jordinavarro.es\/?page_id=33"},"modified":"2018-11-04T09:11:36","modified_gmt":"2018-11-04T08:11:36","slug":"noticias","status":"publish","type":"page","link":"https:\/\/www.jordinavarro.es\/en\/noticias\/","title":{"rendered":"Noticias"},"content":{"rendered":"<p><div class=\"fusion-fullwidth fullwidth-box fusion-builder-row-2 hundred-percent-fullwidth non-hundred-percent-height-scrolling\" style=\"background-color: rgba(255,255,255,0);background-position: center center;background-repeat: no-repeat;padding-top:0px;padding-right:40px;padding-bottom:0px;padding-left:40px;margin-bottom: 0px;margin-top: 0px;border-width: 0px 0px 0px 0px;border-color:#eae9e9;border-style:solid;\" ><div class=\"fusion-builder-row fusion-row\"><div class=\"fusion-layout-column fusion_builder_column fusion-builder-column-1 fusion_builder_column_1_1 1_1 fusion-one-full fusion-column-first fusion-column-last fusion-column-no-min-height\" style=\"margin-top:0px;margin-bottom:0px;\"><div class=\"fusion-column-wrapper fusion-flex-column-wrapper-legacy\" style=\"background-position:left top;background-repeat:no-repeat;-webkit-background-size:cover;-moz-background-size:cover;-o-background-size:cover;background-size:cover;padding: 0px 0px 0px 0px;\"><div class=\"fusion-blog-shortcode fusion-blog-shortcode-2 fusion-blog-archive fusion-blog-layout-timeline-wrapper fusion-blog-infinite\"><div class=\"fusion-posts-container fusion-posts-container-infinite fusion-no-meta-info fusion-blog-rollover\" data-pages=\"3\"><div class=\"fusion-timeline-icon\"><i class=\"fusion-icon-bubbles\" style=\"color:#ebeaea;\" aria-hidden=\"true\"><\/i><\/div><div class=\"fusion-blog-layout-timeline fusion-clearfix\"><div class=\"fusion-timeline-line\" style=\"border-left:1px solid #ebeaea;border-right:1px solid #ebeaea;\"><\/div><h3 class=\"fusion-timeline-date\" style=\"background-color:#ebeaea;\">July 2020<\/h3><div class=\"fusion-collapse-month\"><article id=\"blog-2-post-515\" style=\"border-color:#ebeaea;\" class=\"fusion-post-timeline fusion-clearfix fusion-left-column post-515 post type-post status-publish format-standard has-post-thumbnail hentry category-noticias\">\n<div class=\"fusion-post-wrapper\" style=\"background-color:rgba(255,255,255,0);\">\n\n\t\t\t<div class=\"fusion-flexslider flexslider fusion-flexslider-loading fusion-post-slideshow\" style=\"border-color:#ebeaea;\">\n\t\t<ul class=\"slides\">\n\t\t\t\n\t\t\t\t\t\t\t\t\t\t\t\t\t\t<li>\n\n<div  class=\"fusion-image-wrapper\" aria-haspopup=\"true\">\n\t\n\t\n\t\t\n\t\t\t\t\t<img width=\"638\" height=\"478\" src=\"https:\/\/www.jordinavarro.es\/wp-content\/uploads\/2020\/08\/xl_avatar-2.jpg\" class=\"attachment-full size-full wp-post-image\" alt=\"\" loading=\"lazy\" srcset=\"https:\/\/www.jordinavarro.es\/wp-content\/uploads\/2020\/08\/xl_avatar-2-200x150.jpg 200w, https:\/\/www.jordinavarro.es\/wp-content\/uploads\/2020\/08\/xl_avatar-2-400x300.jpg 400w, https:\/\/www.jordinavarro.es\/wp-content\/uploads\/2020\/08\/xl_avatar-2-600x450.jpg 600w, https:\/\/www.jordinavarro.es\/wp-content\/uploads\/2020\/08\/xl_avatar-2.jpg 638w\" sizes=\"(max-width: 800px) 100vw, 40vw\" \/>\n\t\n\n\t\t<div class=\"fusion-rollover\">\n\t<div class=\"fusion-rollover-content\">\n\n\t\t\t\t\n\t\t\t\t\n\t\t\t\t\t\t\t\t\t\t\t\t<h4 class=\"fusion-rollover-title\">\n\t\t\t\t\t<a class=\"fusion-rollover-title-link\" href=\"https:\/\/www.jordinavarro.es\/en\/noticias\/debut-gran-teatre-del-liceu\/\">\n\t\t\t\t\t\tDebut en el Gran Teatre del Liceu\t\t\t\t\t<\/a>\n\t\t\t\t<\/h4>\n\t\t\t\n\t\t\t\t\t\t\t\t\n\t\t\n\t\t\t\t<a class=\"fusion-link-wrapper\" href=\"https:\/\/www.jordinavarro.es\/en\/noticias\/debut-gran-teatre-del-liceu\/\" aria-label=\"Debut en el Gran Teatre del Liceu\"><\/a>\n\t<\/div>\n<\/div>\n\n\t\n<\/div>\n<\/li>\n\t\t\t\n\t\t\t\n\t\t\t\t\t\t\t\t\t\t\t\t\t\t\t\t\t\t\t\t\t\t\t\t\t\t\t\t\t\t\t\t\t\t\t\t\t\t\t\t\t\t\t\t\t\t\t\t\t\t\t\t\t\t\t\t\t\t\t\t\t\t\t\t\t\t\t\t<\/ul>\n\t<\/div>\n\t<div class=\"fusion-post-content-wrapper\" style=\"padding:30px 25px 25px 25px;\"><div class=\"fusion-post-content post-content\"><div class=\"fusion-timeline-circle\" style=\"background-color:#ebeaea;\"><\/div><div class=\"fusion-timeline-arrow\" style=\"color:#ebeaea;\"><\/div><h2 class=\"blog-shortcode-post-title entry-title\"><a href=\"https:\/\/www.jordinavarro.es\/en\/noticias\/debut-gran-teatre-del-liceu\/\">Debut en el Gran Teatre del Liceu<\/a><\/h2><div class=\"fusion-post-content-container\"><p>La pr\u00f3xima temporada Jordi trabajar\u00e1 por primera vez en el Gran Teatre del Liceu asistiendo a David Afkham en la \u00f3pera Tannh\u00e4user de Richard Wagner. La direcci\u00f3n [...]<\/p><\/div><\/div><\/div><div class=\"fusion-clearfix\"><\/div><\/div>\n<\/article>\n<\/div><h3 class=\"fusion-timeline-date\" style=\"background-color:#ebeaea;\">May 2020<\/h3><div class=\"fusion-collapse-month\"><article id=\"blog-2-post-512\" style=\"border-color:#ebeaea;\" class=\"fusion-post-timeline fusion-clearfix fusion-right-column post-512 post type-post status-publish format-standard has-post-thumbnail hentry category-noticias\">\n<div class=\"fusion-post-wrapper\" style=\"background-color:rgba(255,255,255,0);\">\n\n\t\t\t<div class=\"fusion-flexslider flexslider fusion-flexslider-loading fusion-post-slideshow\" style=\"border-color:#ebeaea;\">\n\t\t<ul class=\"slides\">\n\t\t\t\n\t\t\t\t\t\t\t\t\t\t\t\t\t\t<li>\n\n<div  class=\"fusion-image-wrapper\" aria-haspopup=\"true\">\n\t\n\t\n\t\t\n\t\t\t\t\t<img width=\"638\" height=\"478\" src=\"https:\/\/www.jordinavarro.es\/wp-content\/uploads\/2020\/08\/xl_avatar.jpg\" class=\"attachment-full size-full wp-post-image\" alt=\"\" loading=\"lazy\" srcset=\"https:\/\/www.jordinavarro.es\/wp-content\/uploads\/2020\/08\/xl_avatar-200x150.jpg 200w, https:\/\/www.jordinavarro.es\/wp-content\/uploads\/2020\/08\/xl_avatar-400x300.jpg 400w, https:\/\/www.jordinavarro.es\/wp-content\/uploads\/2020\/08\/xl_avatar-600x450.jpg 600w, https:\/\/www.jordinavarro.es\/wp-content\/uploads\/2020\/08\/xl_avatar.jpg 638w\" sizes=\"(max-width: 800px) 100vw, 40vw\" \/>\n\t\n\n\t\t<div class=\"fusion-rollover\">\n\t<div class=\"fusion-rollover-content\">\n\n\t\t\t\t\n\t\t\t\t\n\t\t\t\t\t\t\t\t\t\t\t\t<h4 class=\"fusion-rollover-title\">\n\t\t\t\t\t<a class=\"fusion-rollover-title-link\" href=\"https:\/\/www.jordinavarro.es\/en\/noticias\/cancelado-il-barbiere-di-siviglia-gran-teatre-del-liceu\/\">\n\t\t\t\t\t\tCancelado Il barbiere di Siviglia en el Gran Teatre del Liceu\t\t\t\t\t<\/a>\n\t\t\t\t<\/h4>\n\t\t\t\n\t\t\t\t\t\t\t\t\n\t\t\n\t\t\t\t<a class=\"fusion-link-wrapper\" href=\"https:\/\/www.jordinavarro.es\/en\/noticias\/cancelado-il-barbiere-di-siviglia-gran-teatre-del-liceu\/\" aria-label=\"Cancelado Il barbiere di Siviglia en el Gran Teatre del Liceu\"><\/a>\n\t<\/div>\n<\/div>\n\n\t\n<\/div>\n<\/li>\n\t\t\t\n\t\t\t\n\t\t\t\t\t\t\t\t\t\t\t\t\t\t\t\t\t\t\t\t\t\t\t\t\t\t\t\t\t\t\t\t\t\t\t\t\t\t\t\t\t\t\t\t\t\t\t\t\t\t\t\t\t\t\t\t\t\t\t\t\t\t\t\t\t\t\t\t<\/ul>\n\t<\/div>\n\t<div class=\"fusion-post-content-wrapper\" style=\"padding:30px 25px 25px 25px;\"><div class=\"fusion-post-content post-content\"><div class=\"fusion-timeline-circle\" style=\"background-color:#ebeaea;\"><\/div><div class=\"fusion-timeline-arrow\" style=\"color:#ebeaea;\"><\/div><h2 class=\"blog-shortcode-post-title entry-title\"><a href=\"https:\/\/www.jordinavarro.es\/en\/noticias\/cancelado-il-barbiere-di-siviglia-gran-teatre-del-liceu\/\">Cancelado Il barbiere di Siviglia en el Gran Teatre del Liceu<\/a><\/h2><div class=\"fusion-post-content-container\"><p>Sorry, this entry is only available in European Spanish.<\/p><\/div><\/div><\/div><div class=\"fusion-clearfix\"><\/div><\/div>\n<\/article>\n<\/div><h3 class=\"fusion-timeline-date\" style=\"background-color:#ebeaea;\">October 2018<\/h3><div class=\"fusion-collapse-month\"><article id=\"blog-2-post-464\" style=\"border-color:#ebeaea;\" class=\"fusion-post-timeline fusion-clearfix fusion-left-column post-464 post type-post status-publish format-standard has-post-thumbnail hentry category-noticias\">\n<div class=\"fusion-post-wrapper\" style=\"background-color:rgba(255,255,255,0);\">\n\n\t\t\t<div class=\"fusion-flexslider flexslider fusion-flexslider-loading fusion-post-slideshow\" style=\"border-color:#ebeaea;\">\n\t\t<ul class=\"slides\">\n\t\t\t\n\t\t\t\t\t\t\t\t\t\t\t\t\t\t<li>\n\n<div  class=\"fusion-image-wrapper\" aria-haspopup=\"true\">\n\t\n\t\n\t\t\n\t\t\t\t\t<img width=\"1200\" height=\"800\" src=\"https:\/\/www.jordinavarro.es\/wp-content\/uploads\/2018\/11\/Jordi-Navarro-Gurrelieder-OCNE-David-Afkam.jpg\" class=\"attachment-full size-full wp-post-image\" alt=\"\" loading=\"lazy\" srcset=\"https:\/\/www.jordinavarro.es\/wp-content\/uploads\/2018\/11\/Jordi-Navarro-Gurrelieder-OCNE-David-Afkam-200x133.jpg 200w, https:\/\/www.jordinavarro.es\/wp-content\/uploads\/2018\/11\/Jordi-Navarro-Gurrelieder-OCNE-David-Afkam-400x267.jpg 400w, https:\/\/www.jordinavarro.es\/wp-content\/uploads\/2018\/11\/Jordi-Navarro-Gurrelieder-OCNE-David-Afkam-600x400.jpg 600w, https:\/\/www.jordinavarro.es\/wp-content\/uploads\/2018\/11\/Jordi-Navarro-Gurrelieder-OCNE-David-Afkam-800x533.jpg 800w, https:\/\/www.jordinavarro.es\/wp-content\/uploads\/2018\/11\/Jordi-Navarro-Gurrelieder-OCNE-David-Afkam.jpg 1200w\" sizes=\"(max-width: 800px) 100vw, 40vw\" \/>\n\t\n\n\t\t<div class=\"fusion-rollover\">\n\t<div class=\"fusion-rollover-content\">\n\n\t\t\t\t\n\t\t\t\t\n\t\t\t\t\t\t\t\t\t\t\t\t<h4 class=\"fusion-rollover-title\">\n\t\t\t\t\t<a class=\"fusion-rollover-title-link\" href=\"https:\/\/www.jordinavarro.es\/en\/noticias\/gurrelieder-arnold-schonberg-asistiendo-david-afkham-la-ocne\/\">\n\t\t\t\t\t\t(Espa\u00f1ol) Gurrelieder (Arnold Sch\u00f6nberg). Asistiendo a David Afkham con la OCNE.\t\t\t\t\t<\/a>\n\t\t\t\t<\/h4>\n\t\t\t\n\t\t\t\t\t\t\t\t\n\t\t\n\t\t\t\t<a class=\"fusion-link-wrapper\" href=\"https:\/\/www.jordinavarro.es\/en\/noticias\/gurrelieder-arnold-schonberg-asistiendo-david-afkham-la-ocne\/\" aria-label=\"(Espa\u00f1ol) Gurrelieder (Arnold Sch\u00f6nberg). Asistiendo a David Afkham con la OCNE.\"><\/a>\n\t<\/div>\n<\/div>\n\n\t\n<\/div>\n<\/li>\n\t\t\t\n\t\t\t\n\t\t\t\t\t\t\t\t\t\t\t\t\t\t\t\t\t\t\t\t\t\t\t\t\t\t\t\t\t\t\t\t\t\t\t\t\t\t\t\t\t\t\t\t\t\t\t\t\t\t\t\t\t\t\t\t\t\t\t\t\t\t\t\t\t\t\t\t<\/ul>\n\t<\/div>\n\t<div class=\"fusion-post-content-wrapper\" style=\"padding:30px 25px 25px 25px;\"><div class=\"fusion-post-content post-content\"><div class=\"fusion-timeline-circle\" style=\"background-color:#ebeaea;\"><\/div><div class=\"fusion-timeline-arrow\" style=\"color:#ebeaea;\"><\/div><h2 class=\"blog-shortcode-post-title entry-title\"><a href=\"https:\/\/www.jordinavarro.es\/en\/noticias\/gurrelieder-arnold-schonberg-asistiendo-david-afkham-la-ocne\/\">(Espa\u00f1ol) Gurrelieder (Arnold Sch\u00f6nberg). Asistiendo a David Afkham con la OCNE.<\/a><\/h2><div class=\"fusion-post-content-container\"><p>Sorry, this entry is only available in European Spanish.<\/p><\/div><\/div><\/div><div class=\"fusion-clearfix\"><\/div><\/div>\n<\/article>\n<\/div><h3 class=\"fusion-timeline-date\" style=\"background-color:#ebeaea;\">September 2018<\/h3><div class=\"fusion-collapse-month\"><article id=\"blog-2-post-467\" style=\"border-color:#ebeaea;\" class=\"fusion-post-timeline fusion-clearfix fusion-right-column post-467 post type-post status-publish format-standard has-post-thumbnail hentry category-noticias\">\n<div class=\"fusion-post-wrapper\" style=\"background-color:rgba(255,255,255,0);\">\n\n\t\t\t<div class=\"fusion-flexslider flexslider fusion-flexslider-loading fusion-post-slideshow\" style=\"border-color:#ebeaea;\">\n\t\t<ul class=\"slides\">\n\t\t\t\n\t\t\t\t\t\t\t\t\t\t\t\t\t\t<li>\n\n<div  class=\"fusion-image-wrapper\" aria-haspopup=\"true\">\n\t\n\t\n\t\t\n\t\t\t\t\t<img width=\"1200\" height=\"800\" src=\"https:\/\/www.jordinavarro.es\/wp-content\/uploads\/2018\/11\/El-Telefono-Teatro-Real-Jordi-Navarro.jpg\" class=\"attachment-full size-full wp-post-image\" alt=\"\" loading=\"lazy\" srcset=\"https:\/\/www.jordinavarro.es\/wp-content\/uploads\/2018\/11\/El-Telefono-Teatro-Real-Jordi-Navarro-200x133.jpg 200w, https:\/\/www.jordinavarro.es\/wp-content\/uploads\/2018\/11\/El-Telefono-Teatro-Real-Jordi-Navarro-400x267.jpg 400w, https:\/\/www.jordinavarro.es\/wp-content\/uploads\/2018\/11\/El-Telefono-Teatro-Real-Jordi-Navarro-600x400.jpg 600w, https:\/\/www.jordinavarro.es\/wp-content\/uploads\/2018\/11\/El-Telefono-Teatro-Real-Jordi-Navarro-800x533.jpg 800w, https:\/\/www.jordinavarro.es\/wp-content\/uploads\/2018\/11\/El-Telefono-Teatro-Real-Jordi-Navarro.jpg 1200w\" sizes=\"(max-width: 800px) 100vw, 40vw\" \/>\n\t\n\n\t\t<div class=\"fusion-rollover\">\n\t<div class=\"fusion-rollover-content\">\n\n\t\t\t\t\n\t\t\t\t\n\t\t\t\t\t\t\t\t\t\t\t\t<h4 class=\"fusion-rollover-title\">\n\t\t\t\t\t<a class=\"fusion-rollover-title-link\" href=\"https:\/\/www.jordinavarro.es\/en\/noticias\/telefono-gian-carlo-menotti-teatro-real\/\">\n\t\t\t\t\t\t(Espa\u00f1ol) El Tel\u00e9fono (Gian Carlo Menotti). Teatro Real\t\t\t\t\t<\/a>\n\t\t\t\t<\/h4>\n\t\t\t\n\t\t\t\t\t\t\t\t\n\t\t\n\t\t\t\t<a class=\"fusion-link-wrapper\" href=\"https:\/\/www.jordinavarro.es\/en\/noticias\/telefono-gian-carlo-menotti-teatro-real\/\" aria-label=\"(Espa\u00f1ol) El Tel\u00e9fono (Gian Carlo Menotti). Teatro Real\"><\/a>\n\t<\/div>\n<\/div>\n\n\t\n<\/div>\n<\/li>\n\t\t\t\n\t\t\t\n\t\t\t\t\t\t\t\t\t\t\t\t\t\t\t\t\t\t\t\t\t\t\t\t\t\t\t\t\t\t\t\t\t\t\t\t\t\t\t\t\t\t\t\t\t\t\t\t\t\t\t\t\t\t\t\t\t\t\t\t\t\t\t\t\t\t\t\t<\/ul>\n\t<\/div>\n\t<div class=\"fusion-post-content-wrapper\" style=\"padding:30px 25px 25px 25px;\"><div class=\"fusion-post-content post-content\"><div class=\"fusion-timeline-circle\" style=\"background-color:#ebeaea;\"><\/div><div class=\"fusion-timeline-arrow\" style=\"color:#ebeaea;\"><\/div><h2 class=\"blog-shortcode-post-title entry-title\"><a href=\"https:\/\/www.jordinavarro.es\/en\/noticias\/telefono-gian-carlo-menotti-teatro-real\/\">(Espa\u00f1ol) El Tel\u00e9fono (Gian Carlo Menotti). Teatro Real<\/a><\/h2><div class=\"fusion-post-content-container\"><p>Sorry, this entry is only available in European Spanish.<\/p><\/div><\/div><\/div><div class=\"fusion-clearfix\"><\/div><\/div>\n<\/article>\n<\/div><h3 class=\"fusion-timeline-date\" style=\"background-color:#ebeaea;\">July 2018<\/h3><div class=\"fusion-collapse-month\"><article id=\"blog-2-post-470\" style=\"border-color:#ebeaea;\" class=\"fusion-post-timeline fusion-clearfix fusion-left-column post-470 post type-post status-publish format-standard has-post-thumbnail hentry category-noticias tag-director-de-orquesta tag-ocne\">\n<div class=\"fusion-post-wrapper\" style=\"background-color:rgba(255,255,255,0);\">\n\n\t\t\t<div class=\"fusion-flexslider flexslider fusion-flexslider-loading fusion-post-slideshow\" style=\"border-color:#ebeaea;\">\n\t\t<ul class=\"slides\">\n\t\t\t\n\t\t\t\t\t\t\t\t\t\t\t\t\t\t<li>\n\n<div  class=\"fusion-image-wrapper\" aria-haspopup=\"true\">\n\t\n\t\n\t\t\n\t\t\t\t\t<img width=\"839\" height=\"560\" src=\"https:\/\/www.jordinavarro.es\/wp-content\/uploads\/2016\/11\/Jordi-Navarro-Director-de-Orquesta-tablet.jpg\" class=\"attachment-full size-full wp-post-image\" alt=\"\" loading=\"lazy\" srcset=\"https:\/\/www.jordinavarro.es\/wp-content\/uploads\/2016\/11\/Jordi-Navarro-Director-de-Orquesta-tablet-200x133.jpg 200w, https:\/\/www.jordinavarro.es\/wp-content\/uploads\/2016\/11\/Jordi-Navarro-Director-de-Orquesta-tablet-400x267.jpg 400w, https:\/\/www.jordinavarro.es\/wp-content\/uploads\/2016\/11\/Jordi-Navarro-Director-de-Orquesta-tablet-600x400.jpg 600w, https:\/\/www.jordinavarro.es\/wp-content\/uploads\/2016\/11\/Jordi-Navarro-Director-de-Orquesta-tablet-800x534.jpg 800w, https:\/\/www.jordinavarro.es\/wp-content\/uploads\/2016\/11\/Jordi-Navarro-Director-de-Orquesta-tablet.jpg 839w\" sizes=\"(max-width: 800px) 100vw, 40vw\" \/>\n\t\n\n\t\t<div class=\"fusion-rollover\">\n\t<div class=\"fusion-rollover-content\">\n\n\t\t\t\t\n\t\t\t\t\n\t\t\t\t\t\t\t\t\t\t\t\t<h4 class=\"fusion-rollover-title\">\n\t\t\t\t\t<a class=\"fusion-rollover-title-link\" href=\"https:\/\/www.jordinavarro.es\/en\/noticias\/jordi-dirigira-la-orquesta-nacional-espana\/\">\n\t\t\t\t\t\t(Espa\u00f1ol) Jordi dirigir\u00e1 la Orquesta Nacional de Espa\u00f1a.\t\t\t\t\t<\/a>\n\t\t\t\t<\/h4>\n\t\t\t\n\t\t\t\t\t\t\t\t\n\t\t\n\t\t\t\t<a class=\"fusion-link-wrapper\" href=\"https:\/\/www.jordinavarro.es\/en\/noticias\/jordi-dirigira-la-orquesta-nacional-espana\/\" aria-label=\"(Espa\u00f1ol) Jordi dirigir\u00e1 la Orquesta Nacional de Espa\u00f1a.\"><\/a>\n\t<\/div>\n<\/div>\n\n\t\n<\/div>\n<\/li>\n\t\t\t\n\t\t\t\n\t\t\t\t\t\t\t\t\t\t\t\t\t\t\t\t\t\t\t\t\t\t\t\t\t\t\t\t\t\t\t\t\t\t\t\t\t\t\t\t\t\t\t\t\t\t\t\t\t\t\t\t\t\t\t\t\t\t\t\t\t\t\t\t\t\t\t\t<\/ul>\n\t<\/div>\n\t<div class=\"fusion-post-content-wrapper\" style=\"padding:30px 25px 25px 25px;\"><div class=\"fusion-post-content post-content\"><div class=\"fusion-timeline-circle\" style=\"background-color:#ebeaea;\"><\/div><div class=\"fusion-timeline-arrow\" style=\"color:#ebeaea;\"><\/div><h2 class=\"blog-shortcode-post-title entry-title\"><a href=\"https:\/\/www.jordinavarro.es\/en\/noticias\/jordi-dirigira-la-orquesta-nacional-espana\/\">(Espa\u00f1ol) Jordi dirigir\u00e1 la Orquesta Nacional de Espa\u00f1a.<\/a><\/h2><div class=\"fusion-post-content-container\"><p>Sorry, this entry is only available in European Spanish.<\/p><\/div><\/div><\/div><div class=\"fusion-clearfix\"><\/div><\/div>\n<\/article>\n<\/div><h3 class=\"fusion-timeline-date\" style=\"background-color:#ebeaea;\">April 2018<\/h3><div class=\"fusion-collapse-month\"><article id=\"blog-2-post-461\" style=\"border-color:#ebeaea;\" class=\"fusion-post-timeline fusion-clearfix fusion-right-column post-461 post type-post status-publish format-standard has-post-thumbnail hentry category-noticias\">\n<div class=\"fusion-post-wrapper\" style=\"background-color:rgba(255,255,255,0);\">\n\n\t\t\t<div class=\"fusion-flexslider flexslider fusion-flexslider-loading fusion-post-slideshow\" style=\"border-color:#ebeaea;\">\n\t\t<ul class=\"slides\">\n\t\t\t\n\t\t\t\t\t\t\t\t\t\t\t\t\t\t<li>\n\n<div  class=\"fusion-image-wrapper\" aria-haspopup=\"true\">\n\t\n\t\n\t\t\n\t\t\t\t\t<img width=\"1200\" height=\"800\" src=\"https:\/\/www.jordinavarro.es\/wp-content\/uploads\/2017\/12\/Jordi-Navarro-Director-Orquesta-11.jpg\" class=\"attachment-full size-full wp-post-image\" alt=\"\" loading=\"lazy\" srcset=\"https:\/\/www.jordinavarro.es\/wp-content\/uploads\/2017\/12\/Jordi-Navarro-Director-Orquesta-11-200x133.jpg 200w, https:\/\/www.jordinavarro.es\/wp-content\/uploads\/2017\/12\/Jordi-Navarro-Director-Orquesta-11-400x267.jpg 400w, https:\/\/www.jordinavarro.es\/wp-content\/uploads\/2017\/12\/Jordi-Navarro-Director-Orquesta-11-600x400.jpg 600w, https:\/\/www.jordinavarro.es\/wp-content\/uploads\/2017\/12\/Jordi-Navarro-Director-Orquesta-11-800x533.jpg 800w, https:\/\/www.jordinavarro.es\/wp-content\/uploads\/2017\/12\/Jordi-Navarro-Director-Orquesta-11.jpg 1200w\" sizes=\"(max-width: 800px) 100vw, 40vw\" \/>\n\t\n\n\t\t<div class=\"fusion-rollover\">\n\t<div class=\"fusion-rollover-content\">\n\n\t\t\t\t\n\t\t\t\t\n\t\t\t\t\t\t\t\t\t\t\t\t<h4 class=\"fusion-rollover-title\">\n\t\t\t\t\t<a class=\"fusion-rollover-title-link\" href=\"https:\/\/www.jordinavarro.es\/en\/noticias\/misa-do-menor-kv-427-mozart-la-orquesta-la-universidad-alfonso-x-sabio-coro-villa-las-rozas\/\">\n\t\t\t\t\t\t(Espa\u00f1ol) Misa en Do Menor Kv. 427 de Mozart con la Orquesta de la Universidad Alfonso X el Sabio y el Coro Villa de las Rozas.\t\t\t\t\t<\/a>\n\t\t\t\t<\/h4>\n\t\t\t\n\t\t\t\t\t\t\t\t\n\t\t\n\t\t\t\t<a class=\"fusion-link-wrapper\" href=\"https:\/\/www.jordinavarro.es\/en\/noticias\/misa-do-menor-kv-427-mozart-la-orquesta-la-universidad-alfonso-x-sabio-coro-villa-las-rozas\/\" aria-label=\"(Espa\u00f1ol) Misa en Do Menor Kv. 427 de Mozart con la Orquesta de la Universidad Alfonso X el Sabio y el Coro Villa de las Rozas.\"><\/a>\n\t<\/div>\n<\/div>\n\n\t\n<\/div>\n<\/li>\n\t\t\t\n\t\t\t\n\t\t\t\t\t\t\t\t\t\t\t\t\t\t\t\t\t\t\t\t\t\t\t\t\t\t\t\t\t\t\t\t\t\t\t\t\t\t\t\t\t\t\t\t\t\t\t\t\t\t\t\t\t\t\t\t\t\t\t\t\t\t\t\t\t\t\t\t<\/ul>\n\t<\/div>\n\t<div class=\"fusion-post-content-wrapper\" style=\"padding:30px 25px 25px 25px;\"><div class=\"fusion-post-content post-content\"><div class=\"fusion-timeline-circle\" style=\"background-color:#ebeaea;\"><\/div><div class=\"fusion-timeline-arrow\" style=\"color:#ebeaea;\"><\/div><h2 class=\"blog-shortcode-post-title entry-title\"><a href=\"https:\/\/www.jordinavarro.es\/en\/noticias\/misa-do-menor-kv-427-mozart-la-orquesta-la-universidad-alfonso-x-sabio-coro-villa-las-rozas\/\">(Espa\u00f1ol) Misa en Do Menor Kv. 427 de Mozart con la Orquesta de la Universidad Alfonso X el Sabio y el Coro Villa de las Rozas.<\/a><\/h2><div class=\"fusion-post-content-container\"><p>Sorry, this entry is only available in European Spanish.<\/p><\/div><\/div><\/div><div class=\"fusion-clearfix\"><\/div><\/div>\n<\/article>\n<article id=\"blog-2-post-458\" style=\"border-color:#ebeaea;\" class=\"fusion-post-timeline fusion-clearfix fusion-left-column post-458 post type-post status-publish format-standard has-post-thumbnail hentry category-noticias\">\n<div class=\"fusion-post-wrapper\" style=\"background-color:rgba(255,255,255,0);\">\n\n\t\t\t<div class=\"fusion-flexslider flexslider fusion-flexslider-loading fusion-post-slideshow\" style=\"border-color:#ebeaea;\">\n\t\t<ul class=\"slides\">\n\t\t\t\n\t\t\t\t\t\t\t\t\t\t\t\t\t\t<li>\n\n<div  class=\"fusion-image-wrapper\" aria-haspopup=\"true\">\n\t\n\t\n\t\t\n\t\t\t\t\t<img width=\"622\" height=\"383\" src=\"https:\/\/www.jordinavarro.es\/wp-content\/uploads\/2018\/04\/orquesta-palau-k7DG-U40208522363GGD-624x385@Las-Provincias.jpg\" class=\"attachment-full size-full wp-post-image\" alt=\"\" loading=\"lazy\" srcset=\"https:\/\/www.jordinavarro.es\/wp-content\/uploads\/2018\/04\/orquesta-palau-k7DG-U40208522363GGD-624x385@Las-Provincias-200x123.jpg 200w, https:\/\/www.jordinavarro.es\/wp-content\/uploads\/2018\/04\/orquesta-palau-k7DG-U40208522363GGD-624x385@Las-Provincias-400x246.jpg 400w, https:\/\/www.jordinavarro.es\/wp-content\/uploads\/2018\/04\/orquesta-palau-k7DG-U40208522363GGD-624x385@Las-Provincias-600x369.jpg 600w, https:\/\/www.jordinavarro.es\/wp-content\/uploads\/2018\/04\/orquesta-palau-k7DG-U40208522363GGD-624x385@Las-Provincias.jpg 622w\" sizes=\"(max-width: 800px) 100vw, 40vw\" \/>\n\t\n\n\t\t<div class=\"fusion-rollover\">\n\t<div class=\"fusion-rollover-content\">\n\n\t\t\t\t\n\t\t\t\t\n\t\t\t\t\t\t\t\t\t\t\t\t<h4 class=\"fusion-rollover-title\">\n\t\t\t\t\t<a class=\"fusion-rollover-title-link\" href=\"https:\/\/www.jordinavarro.es\/en\/noticias\/7a-mahler-la-orquesta-la-comunidad-valenciana-tenorhorn\/\">\n\t\t\t\t\t\t(Espa\u00f1ol) 7\u00aa de Mahler con la Orquesta de la Comunidad Valenciana. Tenorhorn.\t\t\t\t\t<\/a>\n\t\t\t\t<\/h4>\n\t\t\t\n\t\t\t\t\t\t\t\t\n\t\t\n\t\t\t\t<a class=\"fusion-link-wrapper\" href=\"https:\/\/www.jordinavarro.es\/en\/noticias\/7a-mahler-la-orquesta-la-comunidad-valenciana-tenorhorn\/\" aria-label=\"(Espa\u00f1ol) 7\u00aa de Mahler con la Orquesta de la Comunidad Valenciana. Tenorhorn.\"><\/a>\n\t<\/div>\n<\/div>\n\n\t\n<\/div>\n<\/li>\n\t\t\t\n\t\t\t\n\t\t\t\t\t\t\t\t\t\t\t\t\t\t\t\t\t\t\t\t\t\t\t\t\t\t\t\t\t\t\t\t\t\t\t\t\t\t\t\t\t\t\t\t\t\t\t\t\t\t\t\t\t\t\t\t\t\t\t\t\t\t\t\t\t\t\t\t<\/ul>\n\t<\/div>\n\t<div class=\"fusion-post-content-wrapper\" style=\"padding:30px 25px 25px 25px;\"><div class=\"fusion-post-content post-content\"><div class=\"fusion-timeline-circle\" style=\"background-color:#ebeaea;\"><\/div><div class=\"fusion-timeline-arrow\" style=\"color:#ebeaea;\"><\/div><h2 class=\"blog-shortcode-post-title entry-title\"><a href=\"https:\/\/www.jordinavarro.es\/en\/noticias\/7a-mahler-la-orquesta-la-comunidad-valenciana-tenorhorn\/\">(Espa\u00f1ol) 7\u00aa de Mahler con la Orquesta de la Comunidad Valenciana. Tenorhorn.<\/a><\/h2><div class=\"fusion-post-content-container\"><p>Sorry, this entry is only available in European Spanish.<\/p><\/div><\/div><\/div><div class=\"fusion-clearfix\"><\/div><\/div>\n<\/article>\n<\/div><h3 class=\"fusion-timeline-date\" style=\"background-color:#ebeaea;\">March 2018<\/h3><div class=\"fusion-collapse-month\"><article id=\"blog-2-post-455\" style=\"border-color:#ebeaea;\" class=\"fusion-post-timeline fusion-clearfix fusion-right-column post-455 post type-post status-publish format-standard has-post-thumbnail hentry category-noticias\">\n<div class=\"fusion-post-wrapper\" style=\"background-color:rgba(255,255,255,0);\">\n\n\t\t\t<div class=\"fusion-flexslider flexslider fusion-flexslider-loading fusion-post-slideshow\" style=\"border-color:#ebeaea;\">\n\t\t<ul class=\"slides\">\n\t\t\t\n\t\t\t\t\t\t\t\t\t\t\t\t\t\t<li>\n\n<div  class=\"fusion-image-wrapper\" aria-haspopup=\"true\">\n\t\n\t\n\t\t\n\t\t\t\t\t<img width=\"2000\" height=\"1500\" src=\"https:\/\/www.jordinavarro.es\/wp-content\/uploads\/2018\/04\/jordi-navarro-trombon-profesor-oja.jpg\" class=\"attachment-full size-full wp-post-image\" alt=\"\" loading=\"lazy\" srcset=\"https:\/\/www.jordinavarro.es\/wp-content\/uploads\/2018\/04\/jordi-navarro-trombon-profesor-oja-200x150.jpg 200w, https:\/\/www.jordinavarro.es\/wp-content\/uploads\/2018\/04\/jordi-navarro-trombon-profesor-oja-400x300.jpg 400w, https:\/\/www.jordinavarro.es\/wp-content\/uploads\/2018\/04\/jordi-navarro-trombon-profesor-oja-600x450.jpg 600w, https:\/\/www.jordinavarro.es\/wp-content\/uploads\/2018\/04\/jordi-navarro-trombon-profesor-oja-800x600.jpg 800w, https:\/\/www.jordinavarro.es\/wp-content\/uploads\/2018\/04\/jordi-navarro-trombon-profesor-oja-1200x900.jpg 1200w, https:\/\/www.jordinavarro.es\/wp-content\/uploads\/2018\/04\/jordi-navarro-trombon-profesor-oja.jpg 2000w\" sizes=\"(max-width: 800px) 100vw, 40vw\" \/>\n\t\n\n\t\t<div class=\"fusion-rollover\">\n\t<div class=\"fusion-rollover-content\">\n\n\t\t\t\t\n\t\t\t\t\n\t\t\t\t\t\t\t\t\t\t\t\t<h4 class=\"fusion-rollover-title\">\n\t\t\t\t\t<a class=\"fusion-rollover-title-link\" href=\"https:\/\/www.jordinavarro.es\/en\/noticias\/preparador-la-orquesta-joven-andalucia\/\">\n\t\t\t\t\t\t(Espa\u00f1ol) Preparador de la Orquesta Joven de Andaluc\u00eda\t\t\t\t\t<\/a>\n\t\t\t\t<\/h4>\n\t\t\t\n\t\t\t\t\t\t\t\t\n\t\t\n\t\t\t\t<a class=\"fusion-link-wrapper\" href=\"https:\/\/www.jordinavarro.es\/en\/noticias\/preparador-la-orquesta-joven-andalucia\/\" aria-label=\"(Espa\u00f1ol) Preparador de la Orquesta Joven de Andaluc\u00eda\"><\/a>\n\t<\/div>\n<\/div>\n\n\t\n<\/div>\n<\/li>\n\t\t\t\n\t\t\t\n\t\t\t\t\t\t\t\t\t\t\t\t\t\t\t\t\t\t\t\t\t\t\t\t\t\t\t\t\t\t\t\t\t\t\t\t\t\t\t\t\t\t\t\t\t\t\t\t\t\t\t\t\t\t\t\t\t\t\t\t\t\t\t\t\t\t\t\t<\/ul>\n\t<\/div>\n\t<div class=\"fusion-post-content-wrapper\" style=\"padding:30px 25px 25px 25px;\"><div class=\"fusion-post-content post-content\"><div class=\"fusion-timeline-circle\" style=\"background-color:#ebeaea;\"><\/div><div class=\"fusion-timeline-arrow\" style=\"color:#ebeaea;\"><\/div><h2 class=\"blog-shortcode-post-title entry-title\"><a href=\"https:\/\/www.jordinavarro.es\/en\/noticias\/preparador-la-orquesta-joven-andalucia\/\">(Espa\u00f1ol) Preparador de la Orquesta Joven de Andaluc\u00eda<\/a><\/h2><div class=\"fusion-post-content-container\"><p>Sorry, this entry is only available in European Spanish.<\/p><\/div><\/div><\/div><div class=\"fusion-clearfix\"><\/div><\/div>\n<\/article>\n<article id=\"blog-2-post-453\" style=\"border-color:#ebeaea;\" class=\"fusion-post-timeline fusion-clearfix fusion-left-column post-453 post type-post status-publish format-standard has-post-thumbnail hentry category-noticias\">\n<div class=\"fusion-post-wrapper\" style=\"background-color:rgba(255,255,255,0);\">\n\n\t\t\t<div class=\"fusion-flexslider flexslider fusion-flexslider-loading fusion-post-slideshow\" style=\"border-color:#ebeaea;\">\n\t\t<ul class=\"slides\">\n\t\t\t\n\t\t\t\t\t\t\t\t\t\t\t\t\t\t<li>\n\n<div  class=\"fusion-image-wrapper\" aria-haspopup=\"true\">\n\t\n\t\n\t\t\n\t\t\t\t\t<img width=\"1200\" height=\"800\" src=\"https:\/\/www.jordinavarro.es\/wp-content\/uploads\/2017\/02\/jorge-navarro-trombon.jpg\" class=\"attachment-full size-full wp-post-image\" alt=\"jorge-navarro-trombon\" loading=\"lazy\" srcset=\"https:\/\/www.jordinavarro.es\/wp-content\/uploads\/2017\/02\/jorge-navarro-trombon-200x133.jpg 200w, https:\/\/www.jordinavarro.es\/wp-content\/uploads\/2017\/02\/jorge-navarro-trombon-400x267.jpg 400w, https:\/\/www.jordinavarro.es\/wp-content\/uploads\/2017\/02\/jorge-navarro-trombon-600x400.jpg 600w, https:\/\/www.jordinavarro.es\/wp-content\/uploads\/2017\/02\/jorge-navarro-trombon-800x533.jpg 800w, https:\/\/www.jordinavarro.es\/wp-content\/uploads\/2017\/02\/jorge-navarro-trombon.jpg 1200w\" sizes=\"(max-width: 800px) 100vw, 40vw\" \/>\n\t\n\n\t\t<div class=\"fusion-rollover\">\n\t<div class=\"fusion-rollover-content\">\n\n\t\t\t\t\n\t\t\t\t\n\t\t\t\t\t\t\t\t\t\t\t\t<h4 class=\"fusion-rollover-title\">\n\t\t\t\t\t<a class=\"fusion-rollover-title-link\" href=\"https:\/\/www.jordinavarro.es\/en\/noticias\/curso-san-miguel-salinas-del-29-julio-al-3-agosto\/\">\n\t\t\t\t\t\t(Espa\u00f1ol) Curso en San Miguel de Salinas del 29 de julio al 3 de agosto\t\t\t\t\t<\/a>\n\t\t\t\t<\/h4>\n\t\t\t\n\t\t\t\t\t\t\t\t\n\t\t\n\t\t\t\t<a class=\"fusion-link-wrapper\" href=\"https:\/\/www.jordinavarro.es\/en\/noticias\/curso-san-miguel-salinas-del-29-julio-al-3-agosto\/\" aria-label=\"(Espa\u00f1ol) Curso en San Miguel de Salinas del 29 de julio al 3 de agosto\"><\/a>\n\t<\/div>\n<\/div>\n\n\t\n<\/div>\n<\/li>\n\t\t\t\n\t\t\t\n\t\t\t\t\t\t\t\t\t\t\t\t\t\t\t\t\t\t\t\t\t\t\t\t\t\t\t\t\t\t\t\t\t\t\t\t\t\t\t\t\t\t\t\t\t\t\t\t\t\t\t\t\t\t\t\t\t\t\t\t\t\t\t\t\t\t\t\t<\/ul>\n\t<\/div>\n\t<div class=\"fusion-post-content-wrapper\" style=\"padding:30px 25px 25px 25px;\"><div class=\"fusion-post-content post-content\"><div class=\"fusion-timeline-circle\" style=\"background-color:#ebeaea;\"><\/div><div class=\"fusion-timeline-arrow\" style=\"color:#ebeaea;\"><\/div><h2 class=\"blog-shortcode-post-title entry-title\"><a href=\"https:\/\/www.jordinavarro.es\/en\/noticias\/curso-san-miguel-salinas-del-29-julio-al-3-agosto\/\">(Espa\u00f1ol) Curso en San Miguel de Salinas del 29 de julio al 3 de agosto<\/a><\/h2><div class=\"fusion-post-content-container\"><p>Sorry, this entry is only available in European Spanish.<\/p><\/div><\/div><\/div><div class=\"fusion-clearfix\"><\/div><\/div>\n<\/article>\n<\/div><h3 class=\"fusion-timeline-date\" style=\"background-color:#ebeaea;\">February 2018<\/h3><div class=\"fusion-collapse-month\"><article id=\"blog-2-post-451\" style=\"border-color:#ebeaea;\" class=\"fusion-post-timeline fusion-clearfix fusion-right-column post-451 post type-post status-publish format-standard has-post-thumbnail hentry category-noticias\">\n<div class=\"fusion-post-wrapper\" style=\"background-color:rgba(255,255,255,0);\">\n\n\t\t\t<div class=\"fusion-flexslider flexslider fusion-flexslider-loading fusion-post-slideshow\" style=\"border-color:#ebeaea;\">\n\t\t<ul class=\"slides\">\n\t\t\t\n\t\t\t\t\t\t\t\t\t\t\t\t\t\t<li>\n\n<div  class=\"fusion-image-wrapper\" aria-haspopup=\"true\">\n\t\n\t\n\t\t\n\t\t\t\t\t<img width=\"1280\" height=\"720\" src=\"https:\/\/www.jordinavarro.es\/wp-content\/uploads\/2017\/09\/TR-200-a\u00f1os.jpg\" class=\"attachment-full size-full wp-post-image\" alt=\"Teatro Real - Telephone con Jordi Navarro\" loading=\"lazy\" srcset=\"https:\/\/www.jordinavarro.es\/wp-content\/uploads\/2017\/09\/TR-200-a\u00f1os-200x113.jpg 200w, https:\/\/www.jordinavarro.es\/wp-content\/uploads\/2017\/09\/TR-200-a\u00f1os-400x225.jpg 400w, https:\/\/www.jordinavarro.es\/wp-content\/uploads\/2017\/09\/TR-200-a\u00f1os-600x338.jpg 600w, https:\/\/www.jordinavarro.es\/wp-content\/uploads\/2017\/09\/TR-200-a\u00f1os-800x450.jpg 800w, https:\/\/www.jordinavarro.es\/wp-content\/uploads\/2017\/09\/TR-200-a\u00f1os-1200x675.jpg 1200w, https:\/\/www.jordinavarro.es\/wp-content\/uploads\/2017\/09\/TR-200-a\u00f1os.jpg 1280w\" sizes=\"(max-width: 800px) 100vw, 40vw\" \/>\n\t\n\n\t\t<div class=\"fusion-rollover\">\n\t<div class=\"fusion-rollover-content\">\n\n\t\t\t\t\n\t\t\t\t\n\t\t\t\t\t\t\t\t\t\t\t\t<h4 class=\"fusion-rollover-title\">\n\t\t\t\t\t<a class=\"fusion-rollover-title-link\" href=\"https:\/\/www.jordinavarro.es\/en\/noticias\/teatro-real-pospone-la-produccion-the-telephone-gian-carlo-menotti-marzo-2019\/\">\n\t\t\t\t\t\t(Espa\u00f1ol) El Teatro Real pospone la producci\u00f3n de \u201cThe Telephone\u201d (Gian Carlo Menotti) para marzo de 2019.\t\t\t\t\t<\/a>\n\t\t\t\t<\/h4>\n\t\t\t\n\t\t\t\t\t\t\t\t\n\t\t\n\t\t\t\t<a class=\"fusion-link-wrapper\" href=\"https:\/\/www.jordinavarro.es\/en\/noticias\/teatro-real-pospone-la-produccion-the-telephone-gian-carlo-menotti-marzo-2019\/\" aria-label=\"(Espa\u00f1ol) El Teatro Real pospone la producci\u00f3n de \u201cThe Telephone\u201d (Gian Carlo Menotti) para marzo de 2019.\"><\/a>\n\t<\/div>\n<\/div>\n\n\t\n<\/div>\n<\/li>\n\t\t\t\n\t\t\t\n\t\t\t\t\t\t\t\t\t\t\t\t\t\t\t\t\t\t\t\t\t\t\t\t\t\t\t\t\t\t\t\t\t\t\t\t\t\t\t\t\t\t\t\t\t\t\t\t\t\t\t\t\t\t\t\t\t\t\t\t\t\t\t\t\t\t\t\t<\/ul>\n\t<\/div>\n\t<div class=\"fusion-post-content-wrapper\" style=\"padding:30px 25px 25px 25px;\"><div class=\"fusion-post-content post-content\"><div class=\"fusion-timeline-circle\" style=\"background-color:#ebeaea;\"><\/div><div class=\"fusion-timeline-arrow\" style=\"color:#ebeaea;\"><\/div><h2 class=\"blog-shortcode-post-title entry-title\"><a href=\"https:\/\/www.jordinavarro.es\/en\/noticias\/teatro-real-pospone-la-produccion-the-telephone-gian-carlo-menotti-marzo-2019\/\">(Espa\u00f1ol) El Teatro Real pospone la producci\u00f3n de \u201cThe Telephone\u201d (Gian Carlo Menotti) para marzo de 2019.<\/a><\/h2><div class=\"fusion-post-content-container\"><p><\/p><\/div><\/div><\/div><div class=\"fusion-clearfix\"><\/div><\/div>\n<\/article>\n<\/div><\/div><\/div><div class=\"fusion-infinite-scroll-trigger\"><\/div><div class=\"pagination infinite-scroll clearfix\" style=\"display:none;\"><span class=\"current\">1<\/span><a href=\"https:\/\/www.jordinavarro.es\/en\/wp-json\/wp\/v2\/pages\/33\/page\/2\/\" class=\"inactive\">2<\/a><a class=\"pagination-next\" rel=\"next\" href=\"https:\/\/www.jordinavarro.es\/en\/wp-json\/wp\/v2\/pages\/33\/page\/2\/\"><span class=\"page-text\">Next<\/span><span class=\"page-next\"><\/span><\/a><\/div><div class=\"fusion-clearfix\"><\/div><\/div><div class=\"fusion-clearfix\"><\/div><\/div><\/div><\/div><\/div><\/p>","protected":false},"excerpt":{"rendered":"","protected":false},"author":1,"featured_media":0,"parent":0,"menu_order":0,"comment_status":"closed","ping_status":"closed","template":"100-width.php","meta":[],"yoast_head":"<!-- This site is optimized with the Yoast SEO plugin v14.8 - https:\/\/yoast.com\/wordpress\/plugins\/seo\/ -->\n<title>Noticias | Jordi Navarro | Director de Orquesta<\/title>\n<meta name=\"description\" content=\"Toda la actualidad sobre la carrera art\u00edstica del director de orquesta y trombonista Jordi Navarro. \u00a1No te pierdas nada!\" \/>\n<meta name=\"robots\" content=\"index, follow\" \/>\n<meta name=\"googlebot\" content=\"index, follow, max-snippet:-1, max-image-preview:large, max-video-preview:-1\" \/>\n<meta name=\"bingbot\" content=\"index, follow, max-snippet:-1, max-image-preview:large, max-video-preview:-1\" \/>\n<link rel=\"canonical\" href=\"http:\/\/www.jordinavarro.es\/noticias\/\" \/>\n<meta property=\"og:locale\" content=\"en_US\" \/>\n<meta property=\"og:type\" content=\"article\" \/>\n<meta property=\"og:title\" content=\"Noticias | Jordi Navarro | Director de Orquesta\" \/>\n<meta property=\"og:description\" content=\"Toda la actualidad sobre la carrera art\u00edstica del director de orquesta y trombonista Jordi Navarro. \u00a1No te pierdas nada!\" \/>\n<meta property=\"og:url\" content=\"http:\/\/www.jordinavarro.es\/noticias\/\" \/>\n<meta property=\"og:site_name\" content=\"Jordi Navarro | Director de Orquesta\" \/>\n<meta property=\"article:modified_time\" content=\"2018-11-04T08:11:36+00:00\" \/>\n<meta property=\"og:image\" content=\"http:\/\/www.jordinavarro.es\/wp-content\/uploads\/2016\/11\/1280px-Flag_of_the_United_Kingdom.svg-150x150.png\" \/>\n<meta name=\"twitter:card\" content=\"summary_large_image\" \/>\n<script type=\"application\/ld+json\" class=\"yoast-schema-graph\">{\"@context\":\"https:\/\/schema.org\",\"@graph\":[{\"@type\":\"WebSite\",\"@id\":\"https:\/\/www.jordinavarro.es\/en\/#website\",\"url\":\"https:\/\/www.jordinavarro.es\/en\/\",\"name\":\"Jordi Navarro | Director de Orquesta\",\"description\":\"Web del director de orquesta Jordi Navarro\",\"potentialAction\":[{\"@type\":\"SearchAction\",\"target\":\"https:\/\/www.jordinavarro.es\/en\/?s={search_term_string}\",\"query-input\":\"required name=search_term_string\"}],\"inLanguage\":\"en-US\"},{\"@type\":\"ImageObject\",\"@id\":\"http:\/\/www.jordinavarro.es\/noticias\/#primaryimage\",\"inLanguage\":\"en-US\",\"url\":\"http:\/\/www.jordinavarro.es\/wp-content\/uploads\/2016\/11\/1280px-Flag_of_the_United_Kingdom.svg-150x150.png\"},{\"@type\":\"WebPage\",\"@id\":\"http:\/\/www.jordinavarro.es\/noticias\/#webpage\",\"url\":\"http:\/\/www.jordinavarro.es\/noticias\/\",\"name\":\"Noticias | Jordi Navarro | Director de Orquesta\",\"isPartOf\":{\"@id\":\"https:\/\/www.jordinavarro.es\/en\/#website\"},\"primaryImageOfPage\":{\"@id\":\"http:\/\/www.jordinavarro.es\/noticias\/#primaryimage\"},\"datePublished\":\"2016-11-24T10:46:35+00:00\",\"dateModified\":\"2018-11-04T08:11:36+00:00\",\"description\":\"Toda la actualidad sobre la carrera art\\u00edstica del director de orquesta y trombonista Jordi Navarro. \\u00a1No te pierdas nada!\",\"inLanguage\":\"en-US\",\"potentialAction\":[{\"@type\":\"ReadAction\",\"target\":[\"http:\/\/www.jordinavarro.es\/noticias\/\"]}]}]}<\/script>\n<!-- \/ Yoast SEO plugin. -->","_links":{"self":[{"href":"https:\/\/www.jordinavarro.es\/en\/wp-json\/wp\/v2\/pages\/33"}],"collection":[{"href":"https:\/\/www.jordinavarro.es\/en\/wp-json\/wp\/v2\/pages"}],"about":[{"href":"https:\/\/www.jordinavarro.es\/en\/wp-json\/wp\/v2\/types\/page"}],"author":[{"embeddable":true,"href":"https:\/\/www.jordinavarro.es\/en\/wp-json\/wp\/v2\/users\/1"}],"replies":[{"embeddable":true,"href":"https:\/\/www.jordinavarro.es\/en\/wp-json\/wp\/v2\/comments?post=33"}],"version-history":[{"count":6,"href":"https:\/\/www.jordinavarro.es\/en\/wp-json\/wp\/v2\/pages\/33\/revisions"}],"predecessor-version":[{"id":431,"href":"https:\/\/www.jordinavarro.es\/en\/wp-json\/wp\/v2\/pages\/33\/revisions\/431"}],"wp:attachment":[{"href":"https:\/\/www.jordinavarro.es\/en\/wp-json\/wp\/v2\/media?parent=33"}],"curies":[{"name":"wp","href":"https:\/\/api.w.org\/{rel}","templated":true}]}}